{"id":804,"date":"2015-12-11T13:32:47","date_gmt":"2015-12-11T12:32:47","guid":{"rendered":"https:\/\/xavierdesandrenavarre.wordpress.com\/?page_id=804"},"modified":"2015-12-11T13:32:47","modified_gmt":"2015-12-11T12:32:47","slug":"jean-philippe-dary","status":"publish","type":"page","link":"https:\/\/www.xavierdesandrenavarre.com\/index.php\/fr\/jean-philippe-dary\/","title":{"rendered":"JEAN-PHILIPPE DARY"},"content":{"rendered":"<p class=\"p1\" style=\"text-align:justify;\"><strong><span class=\"s1\"><img loading=\"lazy\" decoding=\"async\" class=\"  wp-image-763 alignleft\" src=\"https:\/\/www.xavierdesandrenavarre.com\/wp-content\/uploads\/2015\/12\/398934_10150832193141191_1227327545_n.jpg\" alt=\"398934_10150832193141191_1227327545_n\" width=\"276\" height=\"188\" srcset=\"https:\/\/www.xavierdesandrenavarre.com\/wp-content\/uploads\/2015\/12\/398934_10150832193141191_1227327545_n.jpg 900w, https:\/\/www.xavierdesandrenavarre.com\/wp-content\/uploads\/2015\/12\/398934_10150832193141191_1227327545_n-300x204.jpg 300w, https:\/\/www.xavierdesandrenavarre.com\/wp-content\/uploads\/2015\/12\/398934_10150832193141191_1227327545_n-768x523.jpg 768w\" sizes=\"auto, (max-width: 276px) 100vw, 276px\" \/>Claviers \/ Chant<\/span><\/strong><\/p>\n<p class=\"p3\" style=\"text-align:justify;\"><span class=\"s1\">Membre fondateur du groupe Push-Up avec Ji Dru et Sandra Nkak\u00e9, sa collaboration musicale avec Xavier Desandre Navarre d\u00e9bute d\u00e8s le d\u00e9but des ann\u00e9es 80, avec le groupe \u00abHope\u2019n Collective\u00bb. <\/span><\/p>\n<p class=\"p3\" style=\"text-align:justify;\"><span class=\"s1\">D\u2019origine Guyanaise, grooveur dans l\u2019\u00e2me, musicien-producteur et compositeur hors pair, il joue, produit et arrange la musique d\u2019artistes de la sc\u00e8ne world,\u00a0 funk et rap : Oxmo Puccino, Bisso Na Bisso, The Troubelmakers, Papa Wemba, Tour\u00e9 Kunda, Terri Moise et Tony Allen, Meshell Ndegoeshello, M, Dj Shalom, Funke Anikulapo Kuti, pour n\u2019en citer que quelques uns. Il signe la musique de plusieurs pi\u00e8ces de th\u00e9\u00e2tre musical ou il intervient en tant que com\u00e9dien et musicien. <\/span><\/p>\n<p class=\"p3\" style=\"text-align:justify;\"><span class=\"s1\">Il est le producteur des \u00ables po\u00e8mes de Michelle\u00bb de Terri Moise, titre qui a repr\u00e9sent\u00e9 la France pour L\u2019Eurovision.<\/span><\/p>\n<p class=\"p3\" style=\"text-align:justify;\"><a href=\"http:\/\/www.jeanphidary.com\/\" target=\"_blank\">Site internet de Jean-Philippe Dary<\/a><\/p>\n","protected":false},"excerpt":{"rendered":"<p>Claviers \/ Chant Membre fondateur du groupe Push-Up avec Ji Dru et Sandra Nkak\u00e9, sa collaboration musicale avec Xavier Desandre Navarre d\u00e9bute d\u00e8s le d\u00e9but des ann\u00e9es 80, avec le groupe \u00abHope\u2019n Collective\u00bb. D\u2019origine Guyanaise, grooveur dans l\u2019\u00e2me, musicien-producteur et compositeur hors pair, il joue, produit et arrange la musique d\u2019artistes de la sc\u00e8ne world,\u00a0 &hellip; <a class=\"more-link\" href=\"https:\/\/www.xavierdesandrenavarre.com\/index.php\/fr\/jean-philippe-dary\/\">Lire la suite <span class=\"screen-reader-text\">JEAN-PHILIPPE DARY<\/span><\/a><\/p>\n","protected":false},"author":4,"featured_media":0,"parent":0,"menu_order":0,"comment_status":"closed","ping_status":"closed","template":"","meta":{"__cvm_playback_settings":[],"__cvm_video_id":"","footnotes":""},"class_list":["post-804","page","type-page","status-publish","hentry"],"yoast_head":"<!-- This site is optimized with the Yoast SEO plugin v27.5 - https:\/\/yoast.com\/product\/yoast-seo-wordpress\/ -->\n<title>JEAN-PHILIPPE DARY &#8226; Xavier DESANDRE NAVARRE<\/title>\n<meta name=\"robots\" content=\"index, follow, max-snippet:-1, max-image-preview:large, max-video-preview:-1\" \/>\n<link rel=\"canonical\" href=\"https:\/\/www.xavierdesandrenavarre.com\/index.php\/fr\/jean-philippe-dary\/\" \/>\n<meta property=\"og:locale\" content=\"fr_FR\" \/>\n<meta property=\"og:type\" content=\"article\" \/>\n<meta property=\"og:title\" content=\"JEAN-PHILIPPE DARY &#8226; Xavier DESANDRE NAVARRE\" \/>\n<meta property=\"og:description\" content=\"Claviers \/ Chant Membre fondateur du groupe Push-Up avec Ji Dru et Sandra Nkak\u00e9, sa collaboration musicale avec Xavier Desandre Navarre d\u00e9bute d\u00e8s le d\u00e9but des ann\u00e9es 80, avec le groupe \u00abHope\u2019n Collective\u00bb. D\u2019origine Guyanaise, grooveur dans l\u2019\u00e2me, musicien-producteur et compositeur hors pair, il joue, produit et arrange la musique d\u2019artistes de la sc\u00e8ne world,\u00a0 &hellip; Lire la suite JEAN-PHILIPPE DARY\" \/>\n<meta property=\"og:url\" content=\"https:\/\/www.xavierdesandrenavarre.com\/index.php\/fr\/jean-philippe-dary\/\" \/>\n<meta property=\"og:site_name\" content=\"Xavier DESANDRE NAVARRE\" \/>\n<meta property=\"og:image\" content=\"http:\/\/www.xavierdesandrenavarre.com\/wp-content\/uploads\/2015\/12\/398934_10150832193141191_1227327545_n.jpg\" \/>\n<meta name=\"twitter:card\" content=\"summary_large_image\" \/>\n<meta name=\"twitter:label1\" content=\"Dur\u00e9e de lecture estim\u00e9e\" \/>\n\t<meta name=\"twitter:data1\" content=\"2 minutes\" \/>\n<script type=\"application\/ld+json\" class=\"yoast-schema-graph\">{\"@context\":\"https:\\\/\\\/schema.org\",\"@graph\":[{\"@type\":\"WebPage\",\"@id\":\"https:\\\/\\\/www.xavierdesandrenavarre.com\\\/index.php\\\/fr\\\/jean-philippe-dary\\\/\",\"url\":\"https:\\\/\\\/www.xavierdesandrenavarre.com\\\/index.php\\\/fr\\\/jean-philippe-dary\\\/\",\"name\":\"JEAN-PHILIPPE DARY &#8226; Xavier DESANDRE NAVARRE\",\"isPartOf\":{\"@id\":\"https:\\\/\\\/www.xavierdesandrenavarre.com\\\/#website\"},\"primaryImageOfPage\":{\"@id\":\"https:\\\/\\\/www.xavierdesandrenavarre.com\\\/index.php\\\/fr\\\/jean-philippe-dary\\\/#primaryimage\"},\"image\":{\"@id\":\"https:\\\/\\\/www.xavierdesandrenavarre.com\\\/index.php\\\/fr\\\/jean-philippe-dary\\\/#primaryimage\"},\"thumbnailUrl\":\"http:\\\/\\\/www.xavierdesandrenavarre.com\\\/wp-content\\\/uploads\\\/2015\\\/12\\\/398934_10150832193141191_1227327545_n.jpg\",\"datePublished\":\"2015-12-11T12:32:47+00:00\",\"breadcrumb\":{\"@id\":\"https:\\\/\\\/www.xavierdesandrenavarre.com\\\/index.php\\\/fr\\\/jean-philippe-dary\\\/#breadcrumb\"},\"inLanguage\":\"fr-FR\",\"potentialAction\":[{\"@type\":\"ReadAction\",\"target\":[\"https:\\\/\\\/www.xavierdesandrenavarre.com\\\/index.php\\\/fr\\\/jean-philippe-dary\\\/\"]}]},{\"@type\":\"ImageObject\",\"inLanguage\":\"fr-FR\",\"@id\":\"https:\\\/\\\/www.xavierdesandrenavarre.com\\\/index.php\\\/fr\\\/jean-philippe-dary\\\/#primaryimage\",\"url\":\"http:\\\/\\\/www.xavierdesandrenavarre.com\\\/wp-content\\\/uploads\\\/2015\\\/12\\\/398934_10150832193141191_1227327545_n.jpg\",\"contentUrl\":\"http:\\\/\\\/www.xavierdesandrenavarre.com\\\/wp-content\\\/uploads\\\/2015\\\/12\\\/398934_10150832193141191_1227327545_n.jpg\"},{\"@type\":\"BreadcrumbList\",\"@id\":\"https:\\\/\\\/www.xavierdesandrenavarre.com\\\/index.php\\\/fr\\\/jean-philippe-dary\\\/#breadcrumb\",\"itemListElement\":[{\"@type\":\"ListItem\",\"position\":1,\"name\":\"Accueil\",\"item\":\"https:\\\/\\\/www.xavierdesandrenavarre.com\\\/index.php\\\/fr\\\/actualites\\\/\"},{\"@type\":\"ListItem\",\"position\":2,\"name\":\"JEAN-PHILIPPE DARY\"}]},{\"@type\":\"WebSite\",\"@id\":\"https:\\\/\\\/www.xavierdesandrenavarre.com\\\/#website\",\"url\":\"https:\\\/\\\/www.xavierdesandrenavarre.com\\\/\",\"name\":\"Xavier Desandre Navarre\",\"description\":\"CREATIVE DRUMMING \",\"publisher\":{\"@id\":\"https:\\\/\\\/www.xavierdesandrenavarre.com\\\/#\\\/schema\\\/person\\\/d44923d7590d78b38ce0e9c1941a2c75\"},\"potentialAction\":[{\"@type\":\"SearchAction\",\"target\":{\"@type\":\"EntryPoint\",\"urlTemplate\":\"https:\\\/\\\/www.xavierdesandrenavarre.com\\\/?s={search_term_string}\"},\"query-input\":{\"@type\":\"PropertyValueSpecification\",\"valueRequired\":true,\"valueName\":\"search_term_string\"}}],\"inLanguage\":\"fr-FR\"},{\"@type\":[\"Person\",\"Organization\"],\"@id\":\"https:\\\/\\\/www.xavierdesandrenavarre.com\\\/#\\\/schema\\\/person\\\/d44923d7590d78b38ce0e9c1941a2c75\",\"name\":\"Xavier DESANDRE NAVARRE\",\"image\":{\"@type\":\"ImageObject\",\"inLanguage\":\"fr-FR\",\"@id\":\"https:\\\/\\\/secure.gravatar.com\\\/avatar\\\/f5d0177a75f71d2039289a3687726c1181fc9368e48f4469bd627ff20d15397b?s=96&d=mm&r=g\",\"url\":\"https:\\\/\\\/secure.gravatar.com\\\/avatar\\\/f5d0177a75f71d2039289a3687726c1181fc9368e48f4469bd627ff20d15397b?s=96&d=mm&r=g\",\"contentUrl\":\"https:\\\/\\\/secure.gravatar.com\\\/avatar\\\/f5d0177a75f71d2039289a3687726c1181fc9368e48f4469bd627ff20d15397b?s=96&d=mm&r=g\",\"caption\":\"Xavier DESANDRE NAVARRE\"},\"logo\":{\"@id\":\"https:\\\/\\\/secure.gravatar.com\\\/avatar\\\/f5d0177a75f71d2039289a3687726c1181fc9368e48f4469bd627ff20d15397b?s=96&d=mm&r=g\"}}]}<\/script>\n<!-- \/ Yoast SEO plugin. -->","yoast_head_json":{"title":"JEAN-PHILIPPE DARY &#8226; Xavier DESANDRE NAVARRE","robots":{"index":"index","follow":"follow","max-snippet":"max-snippet:-1","max-image-preview":"max-image-preview:large","max-video-preview":"max-video-preview:-1"},"canonical":"https:\/\/www.xavierdesandrenavarre.com\/index.php\/fr\/jean-philippe-dary\/","og_locale":"fr_FR","og_type":"article","og_title":"JEAN-PHILIPPE DARY &#8226; Xavier DESANDRE NAVARRE","og_description":"Claviers \/ Chant Membre fondateur du groupe Push-Up avec Ji Dru et Sandra Nkak\u00e9, sa collaboration musicale avec Xavier Desandre Navarre d\u00e9bute d\u00e8s le d\u00e9but des ann\u00e9es 80, avec le groupe \u00abHope\u2019n Collective\u00bb. D\u2019origine Guyanaise, grooveur dans l\u2019\u00e2me, musicien-producteur et compositeur hors pair, il joue, produit et arrange la musique d\u2019artistes de la sc\u00e8ne world,\u00a0 &hellip; Lire la suite JEAN-PHILIPPE DARY","og_url":"https:\/\/www.xavierdesandrenavarre.com\/index.php\/fr\/jean-philippe-dary\/","og_site_name":"Xavier DESANDRE NAVARRE","og_image":[{"url":"http:\/\/www.xavierdesandrenavarre.com\/wp-content\/uploads\/2015\/12\/398934_10150832193141191_1227327545_n.jpg","type":"","width":"","height":""}],"twitter_card":"summary_large_image","twitter_misc":{"Dur\u00e9e de lecture estim\u00e9e":"2 minutes"},"schema":{"@context":"https:\/\/schema.org","@graph":[{"@type":"WebPage","@id":"https:\/\/www.xavierdesandrenavarre.com\/index.php\/fr\/jean-philippe-dary\/","url":"https:\/\/www.xavierdesandrenavarre.com\/index.php\/fr\/jean-philippe-dary\/","name":"JEAN-PHILIPPE DARY &#8226; Xavier DESANDRE NAVARRE","isPartOf":{"@id":"https:\/\/www.xavierdesandrenavarre.com\/#website"},"primaryImageOfPage":{"@id":"https:\/\/www.xavierdesandrenavarre.com\/index.php\/fr\/jean-philippe-dary\/#primaryimage"},"image":{"@id":"https:\/\/www.xavierdesandrenavarre.com\/index.php\/fr\/jean-philippe-dary\/#primaryimage"},"thumbnailUrl":"http:\/\/www.xavierdesandrenavarre.com\/wp-content\/uploads\/2015\/12\/398934_10150832193141191_1227327545_n.jpg","datePublished":"2015-12-11T12:32:47+00:00","breadcrumb":{"@id":"https:\/\/www.xavierdesandrenavarre.com\/index.php\/fr\/jean-philippe-dary\/#breadcrumb"},"inLanguage":"fr-FR","potentialAction":[{"@type":"ReadAction","target":["https:\/\/www.xavierdesandrenavarre.com\/index.php\/fr\/jean-philippe-dary\/"]}]},{"@type":"ImageObject","inLanguage":"fr-FR","@id":"https:\/\/www.xavierdesandrenavarre.com\/index.php\/fr\/jean-philippe-dary\/#primaryimage","url":"http:\/\/www.xavierdesandrenavarre.com\/wp-content\/uploads\/2015\/12\/398934_10150832193141191_1227327545_n.jpg","contentUrl":"http:\/\/www.xavierdesandrenavarre.com\/wp-content\/uploads\/2015\/12\/398934_10150832193141191_1227327545_n.jpg"},{"@type":"BreadcrumbList","@id":"https:\/\/www.xavierdesandrenavarre.com\/index.php\/fr\/jean-philippe-dary\/#breadcrumb","itemListElement":[{"@type":"ListItem","position":1,"name":"Accueil","item":"https:\/\/www.xavierdesandrenavarre.com\/index.php\/fr\/actualites\/"},{"@type":"ListItem","position":2,"name":"JEAN-PHILIPPE DARY"}]},{"@type":"WebSite","@id":"https:\/\/www.xavierdesandrenavarre.com\/#website","url":"https:\/\/www.xavierdesandrenavarre.com\/","name":"Xavier Desandre Navarre","description":"CREATIVE DRUMMING ","publisher":{"@id":"https:\/\/www.xavierdesandrenavarre.com\/#\/schema\/person\/d44923d7590d78b38ce0e9c1941a2c75"},"potentialAction":[{"@type":"SearchAction","target":{"@type":"EntryPoint","urlTemplate":"https:\/\/www.xavierdesandrenavarre.com\/?s={search_term_string}"},"query-input":{"@type":"PropertyValueSpecification","valueRequired":true,"valueName":"search_term_string"}}],"inLanguage":"fr-FR"},{"@type":["Person","Organization"],"@id":"https:\/\/www.xavierdesandrenavarre.com\/#\/schema\/person\/d44923d7590d78b38ce0e9c1941a2c75","name":"Xavier DESANDRE NAVARRE","image":{"@type":"ImageObject","inLanguage":"fr-FR","@id":"https:\/\/secure.gravatar.com\/avatar\/f5d0177a75f71d2039289a3687726c1181fc9368e48f4469bd627ff20d15397b?s=96&d=mm&r=g","url":"https:\/\/secure.gravatar.com\/avatar\/f5d0177a75f71d2039289a3687726c1181fc9368e48f4469bd627ff20d15397b?s=96&d=mm&r=g","contentUrl":"https:\/\/secure.gravatar.com\/avatar\/f5d0177a75f71d2039289a3687726c1181fc9368e48f4469bd627ff20d15397b?s=96&d=mm&r=g","caption":"Xavier DESANDRE NAVARRE"},"logo":{"@id":"https:\/\/secure.gravatar.com\/avatar\/f5d0177a75f71d2039289a3687726c1181fc9368e48f4469bd627ff20d15397b?s=96&d=mm&r=g"}}]}},"_links":{"self":[{"href":"https:\/\/www.xavierdesandrenavarre.com\/index.php\/wp-json\/wp\/v2\/pages\/804","targetHints":{"allow":["GET"]}}],"collection":[{"href":"https:\/\/www.xavierdesandrenavarre.com\/index.php\/wp-json\/wp\/v2\/pages"}],"about":[{"href":"https:\/\/www.xavierdesandrenavarre.com\/index.php\/wp-json\/wp\/v2\/types\/page"}],"author":[{"embeddable":true,"href":"https:\/\/www.xavierdesandrenavarre.com\/index.php\/wp-json\/wp\/v2\/users\/4"}],"replies":[{"embeddable":true,"href":"https:\/\/www.xavierdesandrenavarre.com\/index.php\/wp-json\/wp\/v2\/comments?post=804"}],"version-history":[{"count":0,"href":"https:\/\/www.xavierdesandrenavarre.com\/index.php\/wp-json\/wp\/v2\/pages\/804\/revisions"}],"wp:attachment":[{"href":"https:\/\/www.xavierdesandrenavarre.com\/index.php\/wp-json\/wp\/v2\/media?parent=804"}],"curies":[{"name":"wp","href":"https:\/\/api.w.org\/{rel}","templated":true}]}}